{"id":670,"date":"2023-06-21T08:10:22","date_gmt":"2023-06-21T08:10:22","guid":{"rendered":"https:\/\/new.publicultura.com\/?page_id=670"},"modified":"2023-06-21T09:28:25","modified_gmt":"2023-06-21T09:28:25","slug":"publicidad-en-aeropuertos","status":"publish","type":"page","link":"https:\/\/new.publicultura.com\/en\/publicidad-en-aeropuertos","title":{"rendered":"Advertising in Airports"},"content":{"rendered":"<p>[et_pb_section fb_built=\u00bb1&#8243; admin_label=\u00bbHeader\u00bb _builder_version=\u00bb4.21.0&#8243; _module_preset=\u00bbdefault\u00bb background_video_mp4=\u00bbhttps:\/\/new.publicultura.com\/wp-content\/uploads\/2023\/06\/VID_20230411_091222.mp4&#8243; height=\u00bb700px\u00bb custom_margin=\u00bb||100px||false|false\u00bb custom_padding=\u00bb0px||||false|false\u00bb bottom_divider_height=\u00bb42px\u00bb bottom_divider_repeat=\u00bb1x\u00bb collapsed=\u00bboff\u00bb global_colors_info=\u00bb{}\u00bb][\/et_pb_section][et_pb_section fb_built=\u00bb1&#8243; admin_label=\u00bbDEBAJO DEL VIDEO\u00bb _builder_version=\u00bb4.21.0&#8243; _module_preset=\u00bbdefault\u00bb background_enable_color=\u00bboff\u00bb transform_translate=\u00bb0px|-26px\u00bb min_height=\u00bb319.1px\u00bb custom_margin=\u00bb13px||-30px|||\u00bb custom_padding=\u00bb16px||46px|||\u00bb collapsed=\u00bboff\u00bb global_colors_info=\u00bb{}\u00bb][et_pb_row _builder_version=\u00bb4.21.0&#8243; _module_preset=\u00bbdefault\u00bb min_height=\u00bb45px\u00bb custom_padding=\u00bb21px|||||\u00bb global_colors_info=\u00bb{}\u00bb][et_pb_column type=\u00bb4_4&#8243; _builder_version=\u00bb4.21.0&#8243; _module_preset=\u00bbdefault\u00bb global_colors_info=\u00bb{}\u00bb][et_pb_text _builder_version=\u00bb4.21.0&#8243; _module_preset=\u00bbdefault\u00bb text_font=\u00bb|||on|||||\u00bb text_orientation=\u00bbcenter\u00bb custom_margin=\u00bb-17px|||||\u00bb hover_enabled=\u00bb0&#8243; global_colors_info=\u00bb{}\u00bb sticky_enabled=\u00bb0&#8243;]<\/p>\n<h2>TRABAJAMOS CON TODOS LOS AEROPUERTOS DE ESPA\u00d1A<\/h2>\n<p>[\/et_pb_text][\/et_pb_column][\/et_pb_row][et_pb_row column_structure=\u00bb1_3,1_3,1_3&#8243; _builder_version=\u00bb4.21.0&#8243; _module_preset=\u00bbdefault\u00bb width=\u00bb65%\u00bb max_width=\u00bb80%\u00bb min_height=\u00bb264.3px\u00bb custom_margin=\u00bb2px|auto||auto||\u00bb global_colors_info=\u00bb{}\u00bb][et_pb_column type=\u00bb1_3&#8243; _builder_version=\u00bb4.21.0&#8243; _module_preset=\u00bbdefault\u00bb global_colors_info=\u00bb{}\u00bb][et_pb_blurb content_max_width=\u00bb350px\u00bb _builder_version=\u00bb4.21.0&#8243; _module_preset=\u00bbdefault\u00bb header_text_align=\u00bbcenter\u00bb header_font_size=\u00bb21px\u00bb hover_enabled=\u00bb0&#8243; global_colors_info=\u00bb{}\u00bb sticky_enabled=\u00bb0&#8243;]<\/p>\n<p>&nbsp;<\/p>\n<p>&nbsp;<\/p>\n<p>A Coru\u00f1a (LCG)<br \/>Adolfo Su\u00e1rez Madrid-Barajas (MAD)<br \/>Albacete (ABC)<br \/>Algeciras (AEI)<br \/>Alicante-Elche Miguel Hern\u00e1ndez (ALC)<br \/>Almer\u00eda (LEI)<br \/>Asturias (OVD)<br \/>Badajoz (BJZ)<br \/>Bilbao (BIO)<br \/>Burgos (RGS)<br \/>Ceuta (JCU)<br \/>C\u00e9sar Manrique-Lanzarote (ACE)<br \/>C\u00f3rdoba (ODB)<br \/>El Hierro (VDE)<br \/>Federico Garc\u00eda Lorca Granada-Ja\u00e9n (GRX)<\/p>\n<p>[\/et_pb_blurb][\/et_pb_column][et_pb_column type=\u00bb1_3&#8243; _builder_version=\u00bb4.21.0&#8243; _module_preset=\u00bbdefault\u00bb global_colors_info=\u00bb{}\u00bb][et_pb_blurb title=\u00bbAEROPUERTOS DE ESPA\u00d1A\u00bb content_max_width=\u00bb350px\u00bb _builder_version=\u00bb4.21.0&#8243; _module_preset=\u00bbdefault\u00bb header_text_align=\u00bbcenter\u00bb header_font_size=\u00bb21px\u00bb hover_enabled=\u00bb0&#8243; global_colors_info=\u00bb{}\u00bb sticky_enabled=\u00bb0&#8243;]<\/p>\n<p>&nbsp;<\/p>\n<p>Fuerteventura (FUE)<br \/>Girona-Costa Brava (GRO)<br \/>Gran Canaria (LPA)<br \/>Huesca-Pirineos (HSK)<br \/>Ibiza (IBZ)<br \/>Internacional Regi\u00f3n de Murcia (RMU)<br \/>Jerez (XRY)<br \/>Josep Tarradellas Barcelona-El Prat (BCN)<br \/>La Gomera (GMZ)<br \/>La Palma (SPC)<br \/>Le\u00f3n (LEN)<br \/>Logro\u00f1o-Agoncillo (RJL)<br \/>Madrid-Cuatro Vientos (LECU)<br \/>Melilla (MLN)<br \/>Menorca (MAH)<br \/>M\u00e1laga-Costa del Sol (AGP)<br \/>Palma de Mallorca (PMI)<\/p>\n<p>[\/et_pb_blurb][\/et_pb_column][et_pb_column type=\u00bb1_3&#8243; _builder_version=\u00bb4.21.0&#8243; _module_preset=\u00bbdefault\u00bb global_colors_info=\u00bb{}\u00bb][et_pb_blurb content_max_width=\u00bb350px\u00bb _builder_version=\u00bb4.21.0&#8243; _module_preset=\u00bbdefault\u00bb header_text_align=\u00bbcenter\u00bb header_font_size=\u00bb21px\u00bb hover_enabled=\u00bb0&#8243; global_colors_info=\u00bb{}\u00bb sticky_enabled=\u00bb0&#8243;]<\/p>\n<p>&nbsp;<\/p>\n<p>&nbsp;<\/p>\n<p>Pamplona (PNA)<br \/>Reus (REU)<br \/>Sabadell (QSA)<br \/>Salamanca (SLM)<br \/>San Sebasti\u00e1n (EAS)<br \/>Santiago-Rosal\u00eda de Castro (SCQ)<br \/>Seve Ballesteros-Santander (SDR)<br \/>Sevilla (SVQ)<br \/>Son Bonet (LESB)<br \/>Tenerife Norte-Ciudad de La Laguna (TFN)<br \/>Tenerife Sur (TFS)<br \/>Valencia (VLC)<br \/>Valladolid (VLL)<br \/>Vigo (VGO)<br \/>Vitoria (VIT)<br \/>Zaragoza (ZAZ)<\/p>\n<p>[\/et_pb_blurb][\/et_pb_column][\/et_pb_row][\/et_pb_section][et_pb_section fb_built=\u00bb1&#8243; _builder_version=\u00bb4.21.0&#8243; _module_preset=\u00bbdefault\u00bb global_colors_info=\u00bb{}\u00bb][et_pb_row column_structure=\u00bb3_5,2_5&#8243; _builder_version=\u00bb4.21.0&#8243; _module_preset=\u00bbdefault\u00bb global_colors_info=\u00bb{}\u00bb][et_pb_column type=\u00bb3_5&#8243; _builder_version=\u00bb4.21.0&#8243; _module_preset=\u00bbdefault\u00bb global_colors_info=\u00bb{}\u00bb][et_pb_gallery fullwidth=\u00bbon\u00bb _builder_version=\u00bb4.21.0&#8243; _module_preset=\u00bbdefault\u00bb global_colors_info=\u00bb{}\u00bb][\/et_pb_gallery][\/et_pb_column][et_pb_column type=\u00bb2_5&#8243; _builder_version=\u00bb4.21.0&#8243; _module_preset=\u00bbdefault\u00bb global_colors_info=\u00bb{}\u00bb][et_pb_text _builder_version=\u00bb4.21.0&#8243; _module_preset=\u00bbdefault\u00bb global_colors_info=\u00bb{}\u00bb]<\/p>\n<p>&nbsp;<\/p>\n<p>&nbsp;<\/p>\n<p>[\/et_pb_text][et_pb_button button_url=\u00bb#formulariocontacto\u00bb button_text=\u00bbQuiero hablar con un comercial\u00bb button_alignment=\u00bbcenter\u00bb _builder_version=\u00bb4.21.0&#8243; _module_preset=\u00bbdefault\u00bb custom_button=\u00bbon\u00bb button_text_size=\u00bb20px\u00bb button_text_color=\u00bb#FFFFFF\u00bb button_bg_color=\u00bb#E02B20&#8243; button_border_width=\u00bb0px\u00bb button_border_radius=\u00bb10px\u00bb button_letter_spacing=\u00bb0em\u00bb button_font=\u00bbOpen Sans|700||on|||||\u00bb locked=\u00bboff\u00bb global_colors_info=\u00bb{}\u00bb][\/et_pb_button][\/et_pb_column][\/et_pb_row][\/et_pb_section][et_pb_section fb_built=\u00bb1&#8243; admin_label=\u00bbContacto\u00bb module_id=\u00bbformulariocontacto\u00bb _builder_version=\u00bb4.21.0&#8243; _module_preset=\u00bbdefault\u00bb background_color=\u00bb#0d232d\u00bb transform_translate=\u00bb0px|-26px\u00bb min_height=\u00bb558.1px\u00bb custom_margin=\u00bb13px||-35px|||\u00bb custom_padding=\u00bb16px|||||\u00bb collapsed=\u00bboff\u00bb global_colors_info=\u00bb{}\u00bb][et_pb_row admin_label=\u00bbPropuesta\u00bb _builder_version=\u00bb4.18.0&#8243; _module_preset=\u00bbdefault\u00bb global_colors_info=\u00bb{}\u00bb][et_pb_column type=\u00bb4_4&#8243; _builder_version=\u00bb4.18.0&#8243; _module_preset=\u00bbdefault\u00bb global_colors_info=\u00bb{}\u00bb][et_pb_text _builder_version=\u00bb4.18.0&#8243; _module_preset=\u00bbaaa7c440-590a-4078-ae0c-0f3c699ac51c\u00bb header_font=\u00bb||||||||\u00bb header_3_font=\u00bbAnton|||on|||||\u00bb header_3_text_color=\u00bb#FFFFFF\u00bb header_3_font_size=\u00bb35px\u00bb header_3_line_height=\u00bb1.3em\u00bb text_orientation=\u00bbcenter\u00bb custom_margin=\u00bb||||false|false\u00bb header_3_font_size_tablet=\u00bb20px\u00bb header_3_font_size_phone=\u00bb16px\u00bb header_3_font_size_last_edited=\u00bbon|phone\u00bb global_colors_info=\u00bb{}\u00bb]<\/p>\n<h3><span style=\"color: #ffffff; font-size: x-large;\">\u00bfquieres una propuesta a medida?<\/span><\/h3>\n<p>[\/et_pb_text][et_pb_contact_form use_spam_service=\u00bbon\u00bb recaptcha_list=\u00bbpubliculturacom|publiculturacom-0&#8243; email=\u00bbjesushellin@hotmail.com\u00bb custom_message=\u00bbContacto Publicultura\u00bb success_message=\u00bbPropuesta enviada\u00bb submit_button_text=\u00bbENVIAR\u00bb _builder_version=\u00bb4.21.0&#8243; _module_preset=\u00bbdefault\u00bb _unique_id=\u00bbc3a02ebe-478c-4bd6-b1c0-68c4504c1935&#8243; form_field_background_color=\u00bb#FFFFFF\u00bb custom_button=\u00bbon\u00bb button_text_size=\u00bb12px\u00bb button_text_color=\u00bb#FFFFFF\u00bb button_bg_color=\u00bb#E02B20&#8243; button_border_width=\u00bb0px\u00bb button_border_radius=\u00bb0px\u00bb button_letter_spacing=\u00bb0.5em\u00bb button_font=\u00bbOpen Sans|700||on|||||\u00bb button_custom_padding=\u00bb16px|24px|16px|24px|true|true\u00bb border_width_all=\u00bb1px\u00bb border_color_all=\u00bb#E02B20&#8243; global_colors_info=\u00bb{}\u00bb][et_pb_contact_field field_id=\u00bbName\u00bb field_title=\u00bbNombre\u00bb _builder_version=\u00bb4.16&#8243; global_colors_info=\u00bb{}\u00bb button_text_size__hover_enabled=\u00bboff\u00bb button_one_text_size__hover_enabled=\u00bboff\u00bb button_two_text_size__hover_enabled=\u00bboff\u00bb button_text_color__hover_enabled=\u00bboff\u00bb button_one_text_color__hover_enabled=\u00bboff\u00bb button_two_text_color__hover_enabled=\u00bboff\u00bb button_border_width__hover_enabled=\u00bboff\u00bb button_one_border_width__hover_enabled=\u00bboff\u00bb button_two_border_width__hover_enabled=\u00bboff\u00bb button_border_color__hover_enabled=\u00bboff\u00bb button_one_border_color__hover_enabled=\u00bboff\u00bb button_two_border_color__hover_enabled=\u00bboff\u00bb button_border_radius__hover_enabled=\u00bboff\u00bb button_one_border_radius__hover_enabled=\u00bboff\u00bb button_two_border_radius__hover_enabled=\u00bboff\u00bb button_letter_spacing__hover_enabled=\u00bboff\u00bb button_one_letter_spacing__hover_enabled=\u00bboff\u00bb button_two_letter_spacing__hover_enabled=\u00bboff\u00bb button_bg_color__hover_enabled=\u00bboff\u00bb button_one_bg_color__hover_enabled=\u00bboff\u00bb button_two_bg_color__hover_enabled=\u00bboff\u00bb][\/et_pb_contact_field][et_pb_contact_field field_id=\u00bbEmail\u00bb field_title=\u00bbDirecci\u00f3n de correo electr\u00f3nico\u00bb field_type=\u00bbemail\u00bb _builder_version=\u00bb4.16&#8243; global_colors_info=\u00bb{}\u00bb button_text_size__hover_enabled=\u00bboff\u00bb button_one_text_size__hover_enabled=\u00bboff\u00bb button_two_text_size__hover_enabled=\u00bboff\u00bb button_text_color__hover_enabled=\u00bboff\u00bb button_one_text_color__hover_enabled=\u00bboff\u00bb button_two_text_color__hover_enabled=\u00bboff\u00bb button_border_width__hover_enabled=\u00bboff\u00bb button_one_border_width__hover_enabled=\u00bboff\u00bb button_two_border_width__hover_enabled=\u00bboff\u00bb button_border_color__hover_enabled=\u00bboff\u00bb button_one_border_color__hover_enabled=\u00bboff\u00bb button_two_border_color__hover_enabled=\u00bboff\u00bb button_border_radius__hover_enabled=\u00bboff\u00bb button_one_border_radius__hover_enabled=\u00bboff\u00bb button_two_border_radius__hover_enabled=\u00bboff\u00bb button_letter_spacing__hover_enabled=\u00bboff\u00bb button_one_letter_spacing__hover_enabled=\u00bboff\u00bb button_two_letter_spacing__hover_enabled=\u00bboff\u00bb button_bg_color__hover_enabled=\u00bboff\u00bb button_one_bg_color__hover_enabled=\u00bboff\u00bb button_two_bg_color__hover_enabled=\u00bboff\u00bb][\/et_pb_contact_field][et_pb_contact_field field_id=\u00bbMessage\u00bb field_title=\u00bbMensaje\u00bb field_type=\u00bbtext\u00bb fullwidth_field=\u00bbon\u00bb _builder_version=\u00bb4.16&#8243; global_colors_info=\u00bb{}\u00bb button_text_size__hover_enabled=\u00bboff\u00bb button_one_text_size__hover_enabled=\u00bboff\u00bb button_two_text_size__hover_enabled=\u00bboff\u00bb button_text_color__hover_enabled=\u00bboff\u00bb button_one_text_color__hover_enabled=\u00bboff\u00bb button_two_text_color__hover_enabled=\u00bboff\u00bb button_border_width__hover_enabled=\u00bboff\u00bb button_one_border_width__hover_enabled=\u00bboff\u00bb button_two_border_width__hover_enabled=\u00bboff\u00bb button_border_color__hover_enabled=\u00bboff\u00bb button_one_border_color__hover_enabled=\u00bboff\u00bb button_two_border_color__hover_enabled=\u00bboff\u00bb button_border_radius__hover_enabled=\u00bboff\u00bb button_one_border_radius__hover_enabled=\u00bboff\u00bb button_two_border_radius__hover_enabled=\u00bboff\u00bb button_letter_spacing__hover_enabled=\u00bboff\u00bb button_one_letter_spacing__hover_enabled=\u00bboff\u00bb button_two_letter_spacing__hover_enabled=\u00bboff\u00bb button_bg_color__hover_enabled=\u00bboff\u00bb button_one_bg_color__hover_enabled=\u00bboff\u00bb button_two_bg_color__hover_enabled=\u00bboff\u00bb][\/et_pb_contact_field][\/et_pb_contact_form][\/et_pb_column][\/et_pb_row][\/et_pb_section][et_pb_section fb_built=\u00bb1&#8243; admin_label=\u00bbNewsletter\u00bb _builder_version=\u00bb4.21.0&#8243; _module_preset=\u00bbdefault\u00bb transform_translate=\u00bb0px|-26px\u00bb min_height=\u00bb413.7px\u00bb custom_margin=\u00bb13px||-42px|||\u00bb custom_padding=\u00bb16px|||||\u00bb collapsed=\u00bboff\u00bb global_colors_info=\u00bb{}\u00bb][et_pb_row admin_label=\u00bbNewsletter\u00bb _builder_version=\u00bb4.18.0&#8243; _module_preset=\u00bbdefault\u00bb global_colors_info=\u00bb{}\u00bb][et_pb_column type=\u00bb4_4&#8243; _builder_version=\u00bb4.18.0&#8243; _module_preset=\u00bbdefault\u00bb global_colors_info=\u00bb{}\u00bb][et_pb_text _builder_version=\u00bb4.18.0&#8243; _module_preset=\u00bbaaa7c440-590a-4078-ae0c-0f3c699ac51c\u00bb header_font=\u00bb||||||||\u00bb header_3_font=\u00bbAnton|||on|||||\u00bb header_3_text_color=\u00bb#FFFFFF\u00bb header_3_font_size=\u00bb35px\u00bb header_3_line_height=\u00bb1.3em\u00bb text_orientation=\u00bbcenter\u00bb custom_margin=\u00bb||||false|false\u00bb header_3_font_size_tablet=\u00bb20px\u00bb header_3_font_size_phone=\u00bb16px\u00bb header_3_font_size_last_edited=\u00bbon|phone\u00bb global_colors_info=\u00bb{}\u00bb]<\/p>\n<h3><span style=\"color: #000000; font-size: x-large;\">apuntat\u00e9 a nuestra newsletter<\/span><\/h3>\n<p>[\/et_pb_text][et_pb_signup mailchimp_list=\u00bbundefined|248ab709e2&#8243; layout=\u00bbtop_bottom\u00bb first_name_field=\u00bboff\u00bb last_name_field=\u00bboff\u00bb button_text=\u00bbAPUNTAME\u00bb use_spam_service=\u00bbon\u00bb recaptcha_list=\u00bbpubliculturacom-0&#8243; _builder_version=\u00bb4.21.0&#8243; _module_preset=\u00bb574985c8-71fd-4549-824b-0dd9379d7686&#8243; form_field_background_color=\u00bbRGBA(255,255,255,0)\u00bb form_field_text_color=\u00bb#000000&#8243; form_field_custom_padding=\u00bb16px|0px|16px|0px|true|true\u00bb form_field_font=\u00bbRaleway|500|||||||\u00bb background_color=\u00bbRGBA(255,255,255,0)\u00bb custom_button=\u00bbon\u00bb button_text_size=\u00bb12px\u00bb button_text_color=\u00bb#FFFFFF\u00bb button_bg_color=\u00bb#E02B20&#8243; button_border_width=\u00bb0px\u00bb button_border_radius=\u00bb0px\u00bb button_letter_spacing=\u00bb0.5em\u00bb button_font=\u00bbOpen Sans|700||on|||||\u00bb button_custom_padding=\u00bb16px|24px|16px|24px|true|true\u00bb width=\u00bb66%\u00bb max_width=\u00bb67%\u00bb module_alignment=\u00bbcenter\u00bb border_radii_fields=\u00bbon|0px|0px|0px|0px\u00bb border_color_all_fields=\u00bb#0D291F\u00bb border_width_bottom_fields=\u00bb1px\u00bb locked=\u00bboff\u00bb global_colors_info=\u00bb{}\u00bb][\/et_pb_signup][\/et_pb_column][\/et_pb_row][\/et_pb_section][et_pb_section fb_built=\u00bb1&#8243; _builder_version=\u00bb4.21.0&#8243; _module_preset=\u00bbdefault\u00bb background_color=\u00bb#0d232d\u00bb transform_translate=\u00bb0px|-26px\u00bb min_height=\u00bb357.9px\u00bb height=\u00bb365px\u00bb max_height=\u00bb1000px\u00bb custom_margin=\u00bb13px||4px|||\u00bb custom_padding=\u00bb16px||107px|||\u00bb global_colors_info=\u00bb{}\u00bb][et_pb_row column_structure=\u00bb1_4,1_4,1_4,1_4&#8243; _builder_version=\u00bb4.21.0&#8243; _module_preset=\u00bbdefault\u00bb width=\u00bb85%\u00bb max_width=\u00bb1384px\u00bb global_colors_info=\u00bb{}\u00bb][et_pb_column type=\u00bb1_4&#8243; _builder_version=\u00bb4.21.0&#8243; _module_preset=\u00bbdefault\u00bb global_colors_info=\u00bb{}\u00bb][et_pb_image src=\u00bbhttps:\/\/new.publicultura.com\/wp-content\/uploads\/2023\/04\/logo_publicultura-1.png\u00bb title_text=\u00bblogo_publicultura\u00bb _builder_version=\u00bb4.21.0&#8243; _module_preset=\u00bbdefault\u00bb global_colors_info=\u00bb{}\u00bb][\/et_pb_image][et_pb_text _builder_version=\u00bb4.21.0&#8243; _module_preset=\u00bbdefault\u00bb global_colors_info=\u00bb{}\u00bb]<\/p>\n<h6><span style=\"color: #ffffff;\"><span>\u00a9 2023 <\/span>EVENTOS CULTURALES Y PUBLICIDAD, S.L<\/span><\/h6>\n<div class=\"col company\">\n<p><span style=\"color: #ffffff;\">Todos los derechos reservados.<\/span><\/p>\n<\/div>\n<p>[\/et_pb_text][\/et_pb_column][et_pb_column type=\u00bb1_4&#8243; _builder_version=\u00bb4.21.0&#8243; _module_preset=\u00bbdefault\u00bb global_colors_info=\u00bb{}\u00bb][\/et_pb_column][et_pb_column type=\u00bb1_4&#8243; _builder_version=\u00bb4.21.0&#8243; _module_preset=\u00bbdefault\u00bb global_colors_info=\u00bb{}\u00bb][\/et_pb_column][et_pb_column type=\u00bb1_4&#8243; _builder_version=\u00bb4.21.0&#8243; _module_preset=\u00bbdefault\u00bb global_colors_info=\u00bb{}\u00bb][et_pb_text _builder_version=\u00bb4.21.0&#8243; _module_preset=\u00bbdefault\u00bb global_colors_info=\u00bb{}\u00bb]<\/p>\n<h6><span style=\"color: #ffffff;\">SIGUENOS<\/span><\/h6>\n<p>[\/et_pb_text][et_pb_social_media_follow _builder_version=\u00bb4.21.0&#8243; _module_preset=\u00bbdefault\u00bb global_colors_info=\u00bb{}\u00bb][et_pb_social_media_follow_network social_network=\u00bbfacebook\u00bb _builder_version=\u00bb4.21.0&#8243; _module_preset=\u00bbdefault\u00bb background_color=\u00bb#3b5998&#8243; global_colors_info=\u00bb{}\u00bb follow_button=\u00bboff\u00bb url_new_window=\u00bbon\u00bb]facebook[\/et_pb_social_media_follow_network][et_pb_social_media_follow_network social_network=\u00bbtwitter\u00bb _builder_version=\u00bb4.21.0&#8243; _module_preset=\u00bbdefault\u00bb background_color=\u00bb#00aced\u00bb global_colors_info=\u00bb{}\u00bb follow_button=\u00bboff\u00bb url_new_window=\u00bbon\u00bb]twitter[\/et_pb_social_media_follow_network][et_pb_social_media_follow_network social_network=\u00bbinstagram\u00bb _builder_version=\u00bb4.21.0&#8243; _module_preset=\u00bbdefault\u00bb background_color=\u00bb#ea2c59&#8243; global_colors_info=\u00bb{}\u00bb follow_button=\u00bboff\u00bb url_new_window=\u00bbon\u00bb]instagram[\/et_pb_social_media_follow_network][\/et_pb_social_media_follow][\/et_pb_column][\/et_pb_row][\/et_pb_section][et_pb_section fb_built=\u00bb1&#8243; _builder_version=\u00bb4.21.0&#8243; _module_preset=\u00bbdefault\u00bb global_colors_info=\u00bb{}\u00bb][\/et_pb_section]<\/p>\n","protected":false},"excerpt":{"rendered":"<p>TRABAJAMOS CON TODOS LOS AEROPUERTOS DE ESPA\u00d1A&nbsp; &nbsp; A Coru\u00f1a (LCG)Adolfo Su\u00e1rez Madrid-Barajas (MAD)Albacete (ABC)Algeciras (AEI)Alicante-Elche Miguel Hern\u00e1ndez (ALC)Almer\u00eda (LEI)Asturias (OVD)Badajoz (BJZ)Bilbao (BIO)Burgos (RGS)Ceuta (JCU)C\u00e9sar Manrique-Lanzarote (ACE)C\u00f3rdoba (ODB)El Hierro (VDE)Federico Garc\u00eda Lorca Granada-Ja\u00e9n (GRX)&nbsp; Fuerteventura (FUE)Girona-Costa Brava (GRO)Gran Canaria (LPA)Huesca-Pirineos (HSK)Ibiza (IBZ)Internacional Regi\u00f3n de Murcia (RMU)Jerez (XRY)Josep Tarradellas Barcelona-El Prat (BCN)La Gomera (GMZ)La Palma (SPC)Le\u00f3n [&hellip;]<\/p>\n","protected":false},"author":1,"featured_media":0,"parent":0,"menu_order":0,"comment_status":"closed","ping_status":"closed","template":"","meta":{"_et_pb_use_builder":"on","_et_pb_old_content":"","_et_gb_content_width":"","footnotes":""},"class_list":["post-670","page","type-page","status-publish","hentry"],"yoast_head":"<!-- This site is optimized with the Yoast SEO plugin v27.5 - https:\/\/yoast.com\/product\/yoast-seo-wordpress\/ -->\n<title>Publicidad en Aeropuertos - Publicultura.com<\/title>\n<meta name=\"robots\" content=\"index, follow, max-snippet:-1, max-image-preview:large, max-video-preview:-1\" \/>\n<link rel=\"canonical\" href=\"https:\/\/new.publicultura.com\/en\/publicidad-en-aeropuertos\/\" \/>\n<meta property=\"og:locale\" content=\"en_US\" \/>\n<meta property=\"og:type\" content=\"article\" \/>\n<meta property=\"og:title\" content=\"Publicidad en Aeropuertos - Publicultura.com\" \/>\n<meta property=\"og:description\" content=\"TRABAJAMOS CON TODOS LOS AEROPUERTOS DE ESPA\u00d1A&nbsp; &nbsp; A Coru\u00f1a (LCG)Adolfo Su\u00e1rez Madrid-Barajas (MAD)Albacete (ABC)Algeciras (AEI)Alicante-Elche Miguel Hern\u00e1ndez (ALC)Almer\u00eda (LEI)Asturias (OVD)Badajoz (BJZ)Bilbao (BIO)Burgos (RGS)Ceuta (JCU)C\u00e9sar Manrique-Lanzarote (ACE)C\u00f3rdoba (ODB)El Hierro (VDE)Federico Garc\u00eda Lorca Granada-Ja\u00e9n (GRX)&nbsp; Fuerteventura (FUE)Girona-Costa Brava (GRO)Gran Canaria (LPA)Huesca-Pirineos (HSK)Ibiza (IBZ)Internacional Regi\u00f3n de Murcia (RMU)Jerez (XRY)Josep Tarradellas Barcelona-El Prat (BCN)La Gomera (GMZ)La Palma (SPC)Le\u00f3n [&hellip;]\" \/>\n<meta property=\"og:url\" content=\"https:\/\/new.publicultura.com\/en\/publicidad-en-aeropuertos\/\" \/>\n<meta property=\"og:site_name\" content=\"Publicultura.com\" \/>\n<meta property=\"article:modified_time\" content=\"2023-06-21T09:28:25+00:00\" \/>\n<meta name=\"twitter:card\" content=\"summary_large_image\" \/>\n<meta name=\"twitter:label1\" content=\"Est. reading time\" \/>\n\t<meta name=\"twitter:data1\" content=\"10 minutes\" \/>\n<script type=\"application\/ld+json\" class=\"yoast-schema-graph\">{\"@context\":\"https:\\\/\\\/schema.org\",\"@graph\":[{\"@type\":\"WebPage\",\"@id\":\"https:\\\/\\\/new.publicultura.com\\\/publicidad-en-aeropuertos\",\"url\":\"https:\\\/\\\/new.publicultura.com\\\/publicidad-en-aeropuertos\",\"name\":\"Publicidad en Aeropuertos - Publicultura.com\",\"isPartOf\":{\"@id\":\"https:\\\/\\\/new.publicultura.com\\\/#website\"},\"datePublished\":\"2023-06-21T08:10:22+00:00\",\"dateModified\":\"2023-06-21T09:28:25+00:00\",\"breadcrumb\":{\"@id\":\"https:\\\/\\\/new.publicultura.com\\\/publicidad-en-aeropuertos#breadcrumb\"},\"inLanguage\":\"en-US\",\"potentialAction\":[{\"@type\":\"ReadAction\",\"target\":[\"https:\\\/\\\/new.publicultura.com\\\/publicidad-en-aeropuertos\"]}]},{\"@type\":\"BreadcrumbList\",\"@id\":\"https:\\\/\\\/new.publicultura.com\\\/publicidad-en-aeropuertos#breadcrumb\",\"itemListElement\":[{\"@type\":\"ListItem\",\"position\":1,\"name\":\"Portada\",\"item\":\"https:\\\/\\\/new.publicultura.com\\\/\"},{\"@type\":\"ListItem\",\"position\":2,\"name\":\"Publicidad en Aeropuertos\"}]},{\"@type\":\"WebSite\",\"@id\":\"https:\\\/\\\/new.publicultura.com\\\/#website\",\"url\":\"https:\\\/\\\/new.publicultura.com\\\/\",\"name\":\"Publicultura.com\",\"description\":\"El mayor agregador de publicidad\",\"publisher\":{\"@id\":\"https:\\\/\\\/new.publicultura.com\\\/#organization\"},\"alternateName\":\"Publicultura\",\"potentialAction\":[{\"@type\":\"SearchAction\",\"target\":{\"@type\":\"EntryPoint\",\"urlTemplate\":\"https:\\\/\\\/new.publicultura.com\\\/?s={search_term_string}\"},\"query-input\":{\"@type\":\"PropertyValueSpecification\",\"valueRequired\":true,\"valueName\":\"search_term_string\"}}],\"inLanguage\":\"en-US\"},{\"@type\":\"Organization\",\"@id\":\"https:\\\/\\\/new.publicultura.com\\\/#organization\",\"name\":\"Publicultura.com\",\"url\":\"https:\\\/\\\/new.publicultura.com\\\/\",\"logo\":{\"@type\":\"ImageObject\",\"inLanguage\":\"en-US\",\"@id\":\"https:\\\/\\\/new.publicultura.com\\\/#\\\/schema\\\/logo\\\/image\\\/\",\"url\":\"https:\\\/\\\/new.publicultura.com\\\/wp-content\\\/uploads\\\/2023\\\/04\\\/logo_publicultura-1.png\",\"contentUrl\":\"https:\\\/\\\/new.publicultura.com\\\/wp-content\\\/uploads\\\/2023\\\/04\\\/logo_publicultura-1.png\",\"width\":200,\"height\":56,\"caption\":\"Publicultura.com\"},\"image\":{\"@id\":\"https:\\\/\\\/new.publicultura.com\\\/#\\\/schema\\\/logo\\\/image\\\/\"},\"sameAs\":[\"https:\\\/\\\/www.instagram.com\\\/publicultura\\\/\"]}]}<\/script>\n<!-- \/ Yoast SEO plugin. -->","yoast_head_json":{"title":"Publicidad en Aeropuertos - Publicultura.com","robots":{"index":"index","follow":"follow","max-snippet":"max-snippet:-1","max-image-preview":"max-image-preview:large","max-video-preview":"max-video-preview:-1"},"canonical":"https:\/\/new.publicultura.com\/en\/publicidad-en-aeropuertos\/","og_locale":"en_US","og_type":"article","og_title":"Publicidad en Aeropuertos - Publicultura.com","og_description":"TRABAJAMOS CON TODOS LOS AEROPUERTOS DE ESPA\u00d1A&nbsp; &nbsp; A Coru\u00f1a (LCG)Adolfo Su\u00e1rez Madrid-Barajas (MAD)Albacete (ABC)Algeciras (AEI)Alicante-Elche Miguel Hern\u00e1ndez (ALC)Almer\u00eda (LEI)Asturias (OVD)Badajoz (BJZ)Bilbao (BIO)Burgos (RGS)Ceuta (JCU)C\u00e9sar Manrique-Lanzarote (ACE)C\u00f3rdoba (ODB)El Hierro (VDE)Federico Garc\u00eda Lorca Granada-Ja\u00e9n (GRX)&nbsp; Fuerteventura (FUE)Girona-Costa Brava (GRO)Gran Canaria (LPA)Huesca-Pirineos (HSK)Ibiza (IBZ)Internacional Regi\u00f3n de Murcia (RMU)Jerez (XRY)Josep Tarradellas Barcelona-El Prat (BCN)La Gomera (GMZ)La Palma (SPC)Le\u00f3n [&hellip;]","og_url":"https:\/\/new.publicultura.com\/en\/publicidad-en-aeropuertos\/","og_site_name":"Publicultura.com","article_modified_time":"2023-06-21T09:28:25+00:00","twitter_card":"summary_large_image","twitter_misc":{"Est. reading time":"10 minutes"},"schema":{"@context":"https:\/\/schema.org","@graph":[{"@type":"WebPage","@id":"https:\/\/new.publicultura.com\/publicidad-en-aeropuertos","url":"https:\/\/new.publicultura.com\/publicidad-en-aeropuertos","name":"Publicidad en Aeropuertos - Publicultura.com","isPartOf":{"@id":"https:\/\/new.publicultura.com\/#website"},"datePublished":"2023-06-21T08:10:22+00:00","dateModified":"2023-06-21T09:28:25+00:00","breadcrumb":{"@id":"https:\/\/new.publicultura.com\/publicidad-en-aeropuertos#breadcrumb"},"inLanguage":"en-US","potentialAction":[{"@type":"ReadAction","target":["https:\/\/new.publicultura.com\/publicidad-en-aeropuertos"]}]},{"@type":"BreadcrumbList","@id":"https:\/\/new.publicultura.com\/publicidad-en-aeropuertos#breadcrumb","itemListElement":[{"@type":"ListItem","position":1,"name":"Portada","item":"https:\/\/new.publicultura.com\/"},{"@type":"ListItem","position":2,"name":"Publicidad en Aeropuertos"}]},{"@type":"WebSite","@id":"https:\/\/new.publicultura.com\/#website","url":"https:\/\/new.publicultura.com\/","name":"Publicultura.com","description":"El mayor agregador de publicidad","publisher":{"@id":"https:\/\/new.publicultura.com\/#organization"},"alternateName":"Publicultura","potentialAction":[{"@type":"SearchAction","target":{"@type":"EntryPoint","urlTemplate":"https:\/\/new.publicultura.com\/?s={search_term_string}"},"query-input":{"@type":"PropertyValueSpecification","valueRequired":true,"valueName":"search_term_string"}}],"inLanguage":"en-US"},{"@type":"Organization","@id":"https:\/\/new.publicultura.com\/#organization","name":"Publicultura.com","url":"https:\/\/new.publicultura.com\/","logo":{"@type":"ImageObject","inLanguage":"en-US","@id":"https:\/\/new.publicultura.com\/#\/schema\/logo\/image\/","url":"https:\/\/new.publicultura.com\/wp-content\/uploads\/2023\/04\/logo_publicultura-1.png","contentUrl":"https:\/\/new.publicultura.com\/wp-content\/uploads\/2023\/04\/logo_publicultura-1.png","width":200,"height":56,"caption":"Publicultura.com"},"image":{"@id":"https:\/\/new.publicultura.com\/#\/schema\/logo\/image\/"},"sameAs":["https:\/\/www.instagram.com\/publicultura\/"]}]}},"_links":{"self":[{"href":"https:\/\/new.publicultura.com\/en\/wp-json\/wp\/v2\/pages\/670","targetHints":{"allow":["GET"]}}],"collection":[{"href":"https:\/\/new.publicultura.com\/en\/wp-json\/wp\/v2\/pages"}],"about":[{"href":"https:\/\/new.publicultura.com\/en\/wp-json\/wp\/v2\/types\/page"}],"author":[{"embeddable":true,"href":"https:\/\/new.publicultura.com\/en\/wp-json\/wp\/v2\/users\/1"}],"replies":[{"embeddable":true,"href":"https:\/\/new.publicultura.com\/en\/wp-json\/wp\/v2\/comments?post=670"}],"version-history":[{"count":5,"href":"https:\/\/new.publicultura.com\/en\/wp-json\/wp\/v2\/pages\/670\/revisions"}],"predecessor-version":[{"id":678,"href":"https:\/\/new.publicultura.com\/en\/wp-json\/wp\/v2\/pages\/670\/revisions\/678"}],"wp:attachment":[{"href":"https:\/\/new.publicultura.com\/en\/wp-json\/wp\/v2\/media?parent=670"}],"curies":[{"name":"wp","href":"https:\/\/api.w.org\/{rel}","templated":true}]}}